{"version":"1.0","provider_name":"Bernd H\u00fcttemann","provider_url":"https:\/\/huettemann.eu\/de\/","title":"Relevant durch Krise: F\u00fcr eine europ\u00e4ische ARD - Bernd H\u00fcttemann","type":"rich","width":600,"height":338,"html":"<blockquote class=\"wp-embedded-content\" data-secret=\"lK3MezdBoJ\"><a href=\"https:\/\/huettemann.eu\/de\/2012\/09\/relevant-durch-krise-fur-eine-europaische-ard\/\">Relevant durch Krise: F\u00fcr eine europ\u00e4ische ARD<\/a><\/blockquote><iframe sandbox=\"allow-scripts\" security=\"restricted\" src=\"https:\/\/huettemann.eu\/de\/2012\/09\/relevant-durch-krise-fur-eine-europaische-ard\/embed\/#?secret=lK3MezdBoJ\" width=\"600\" height=\"338\" title=\"&#8222;Relevant durch Krise: F\u00fcr eine europ\u00e4ische ARD&#8220; &#8211; Bernd H\u00fcttemann\" data-secret=\"lK3MezdBoJ\" frameborder=\"0\" marginwidth=\"0\" marginheight=\"0\" scrolling=\"no\" class=\"wp-embedded-content\"><\/iframe><script>\n\/*! This file is auto-generated *\/\n!function(d,l){\"use strict\";l.querySelector&&d.addEventListener&&\"undefined\"!=typeof URL&&(d.wp=d.wp||{},d.wp.receiveEmbedMessage||(d.wp.receiveEmbedMessage=function(e){var t=e.data;if((t||t.secret||t.message||t.value)&&!\/[^a-zA-Z0-9]\/.test(t.secret)){for(var s,r,n,a=l.querySelectorAll('iframe[data-secret=\"'+t.secret+'\"]'),o=l.querySelectorAll('blockquote[data-secret=\"'+t.secret+'\"]'),c=new RegExp(\"^https?:$\",\"i\"),i=0;i<o.length;i++)o[i].style.display=\"none\";for(i=0;i<a.length;i++)s=a[i],e.source===s.contentWindow&&(s.removeAttribute(\"style\"),\"height\"===t.message?(1e3<(r=parseInt(t.value,10))?r=1e3:~~r<200&&(r=200),s.height=r):\"link\"===t.message&&(r=new URL(s.getAttribute(\"src\")),n=new URL(t.value),c.test(n.protocol))&&n.host===r.host&&l.activeElement===s&&(d.top.location.href=t.value))}},d.addEventListener(\"message\",d.wp.receiveEmbedMessage,!1),l.addEventListener(\"DOMContentLoaded\",function(){for(var e,t,s=l.querySelectorAll(\"iframe.wp-embedded-content\"),r=0;r<s.length;r++)(t=(e=s[r]).getAttribute(\"data-secret\"))||(t=Math.random().toString(36).substring(2,12),e.src+=\"#?secret=\"+t,e.setAttribute(\"data-secret\",t)),e.contentWindow.postMessage({message:\"ready\",secret:t},\"*\")},!1)))}(window,document);\n\/\/# sourceURL=https:\/\/huettemann.eu\/wp-includes\/js\/wp-embed.min.js\n<\/script>\n","description":"Immer h\u00e4ufiger wird nach einer europ\u00e4ischen \u00d6ffentlichkeit gefragt. Und dies liegt eindeutig an der Krise. Selten beherrschte die Europapolitik so sehr die Schlagzeilen. Nationale Medien und Politiker bekommen nicht nur einen Crashkurs in Sachen Europapolitik sondern m\u00fcssen sich mit EU-Mitgliedstaaten besch\u00e4ftigen, die sie jahrelang links liegen gelassen haben. Es braucht aber auch eine europ\u00e4ische Berichterstattung,Read more"}