{"id":1516,"date":"2017-04-06T21:38:45","date_gmt":"2017-04-06T21:38:45","guid":{"rendered":"http:\/\/huettemann.eu\/?page_id=1516\/"},"modified":"2026-08-22T19:34:35","modified_gmt":"2026-08-22T19:34:35","slug":"jakobsweg","status":"publish","type":"page","link":"https:\/\/huettemann.eu\/de\/jakobsweg\/","title":{"rendered":"Mein ganz pers\u00f6nlicher Jakobsweg: #berndscamino"},"content":{"rendered":"<figure id=\"attachment_3878\" aria-describedby=\"caption-attachment-3878\" style=\"width: 2016px\" class=\"wp-caption alignnone\"><img data-recalc-dims=\"1\" loading=\"lazy\" decoding=\"async\" class=\"wp-image-3878 size-full\" src=\"https:\/\/i0.wp.com\/huettemann.eu\/wp-content\/uploads\/2020\/05\/Pilger-Bernd-vor-Dom-2.jpeg?resize=780%2C379&#038;ssl=1\" alt=\"\" width=\"780\" height=\"379\" srcset=\"https:\/\/i0.wp.com\/huettemann.eu\/wp-content\/uploads\/2020\/05\/Pilger-Bernd-vor-Dom-2.jpeg?w=2016&amp;ssl=1 2016w, https:\/\/i0.wp.com\/huettemann.eu\/wp-content\/uploads\/2020\/05\/Pilger-Bernd-vor-Dom-2.jpeg?resize=300%2C146&amp;ssl=1 300w, https:\/\/i0.wp.com\/huettemann.eu\/wp-content\/uploads\/2020\/05\/Pilger-Bernd-vor-Dom-2.jpeg?resize=1024%2C498&amp;ssl=1 1024w, https:\/\/i0.wp.com\/huettemann.eu\/wp-content\/uploads\/2020\/05\/Pilger-Bernd-vor-Dom-2.jpeg?resize=768%2C373&amp;ssl=1 768w, https:\/\/i0.wp.com\/huettemann.eu\/wp-content\/uploads\/2020\/05\/Pilger-Bernd-vor-Dom-2.jpeg?resize=1536%2C747&amp;ssl=1 1536w\" sizes=\"auto, (max-width: 780px) 100vw, 780px\" \/><figcaption id=\"caption-attachment-3878\" class=\"wp-caption-text\">Paradiesportal am Paderborner Dom. Wo im Mittelalter Pilger \u00fcbernachteten.<\/figcaption><\/figure>\n<p><strong>Zu Fu\u00df von Berlin nach <a href=\"https:\/\/de.wikipedia.org\/wiki\/Santiago_de_Compostela\">Santiago de Compostela<\/a>? Das geht nur gemogelt. Und so begann ich 2016 \u2013 mit vielen Unterbrechungen \u2013 meinen langen Weg nach Westen. F\u00fcr mich ist er inzwischen eine rund 3.700 Kilometer lange horizontale Probegrabung quer durch Europa. Historische und heutige Pilgerwege sind dabei \u201enur\u201c der Anker f\u00fcr meinen Selbstversuch, Kultur- und Landschaftsr\u00e4umen, fremden Menschen, mir selbst und nat\u00fcrlich auch Gott n\u00e4herzukommen.<\/strong><\/p>\n<p>Mein #berndscamino begann 2016 vor meiner Haust\u00fcr in Berlin. Seitdem gehe ich ihn in Etappen: durch Brandenburg und Sachsen-Anhalt, meine westf\u00e4lische Heimat, das Rheinland und die Eifel, \u00fcber Luxemburg und Schengen nach Frankreich und weiter durch Lothringen, Burgund, Rh\u00f4ne-Alpes, das Zentralmassiv und Okzitanien. 2025 erreichte ich Toulouse. <strong>2.611 Kilometer seit Berlin liegen damit hinter mir.<\/strong> 2026 f\u00fchrt mich die n\u00e4chste Etappe von Toulouse nach Lourdes.<\/p>\n<p>Je l\u00e4nger ich unterwegs bin, desto mehr wird der Camino f\u00fcr mich zu einer europ\u00e4ischen Probegrabung. Landschaften gehen oft flie\u00dfender ineinander \u00fcber, als nationale Karten vermuten lassen. Deutlicher werden dagegen historische, religi\u00f6se und gesellschaftliche Schichten: alte Reichsgrenzen und Industrieregionen, Krieg und Vers\u00f6hnung, unterschiedliche Formen von Staat, Kirche und Zivilgesellschaft \u2013 und vor allem die Geschichten der Menschen am Weg.<\/p>\n<p>Mein Weg bleibt eine Reise in Etappen, getragen von Europas Vielfalt, seinen Br\u00fcchen und seiner Sch\u00f6nheit. Gerade die Nebenwege interessieren mich: Europa jenseits der Hauptst\u00e4dte und bekannten touristischen Routen \u2013 Schritt f\u00fcr Schritt.<\/p>\n<h1>Mein Projekt<\/h1>\n<div class=\"tw-flex tw-justify-between tw-items-center\">\n<div class=\"tw-flex-auto tw-ml-3 tw-text-right\">\n<p><strong><em>Stand 2026: 2.611 km von rund 3.700 km seit Berlin geschafft \u2013 angekommen bin ich bisher in Toulouse.<\/em><\/strong><\/p>\n<p><strong><br \/>\n<a href=\"https:\/\/huettemann.eu\/de\/jakobsweg\/dankbarkeit-am-wege\/\">Tolle Menschen auf meinem Weg<\/a> |<br \/>\n<a href=\"https:\/\/huettemann.eu\/de\/jakobsweg\/meine-pilgerstempel-von-berlin-bis-santiago\/\">Meine Stempelsammlung<\/a> |<br \/>\n<a href=\"https:\/\/www.komoot.de\/user\/101581482414\/collections?type=created\">Meine Collections bei Komoot<\/a><br \/>\n<\/strong><\/p>\n<p><iframe loading=\"lazy\" src=\"https:\/\/www.komoot.com\/de-de\/collection\/917836\/embed\" width=\"100%\" height=\"580\" frameborder=\"0\" scrolling=\"no\"><\/iframe><\/p>\n<p>&nbsp;<\/p>\n<\/div>\n<\/div>\n<h1>Meine europ\u00e4ische Probegrabung bei dokdoc.eu<\/h1>\n<p>Nach fast zehn Jahren auf dem Weg habe ich 2025 f\u00fcr <strong>dokdoc.eu<\/strong> eine Zwischenbilanz gezogen. Der Text verbindet die geografischen, historischen, religi\u00f6sen, gesellschaftlichen und pers\u00f6nlichen Schichten meines Weges von Berlin bis Toulouse: eine <strong>arch\u00e4ologische Probegrabung Europas<\/strong> zu Fu\u00df.<\/p>\n<p>Europa zeigt sich dabei nicht nur in Vertr\u00e4gen, Institutionen und Gipfeln, sondern in Landschaften, Grenzregionen, Familiengeschichten, offenen Kirchen, Mairies, Vereinen und an den Tischen der Gastfreundschaft. Die Geografie trennt oft weniger, als man erwartet; Geschichte und gesellschaftliche Strukturen hinterlassen dagegen tiefe Spuren.<\/p>\n<ul>\n<li>\ud83c\udde9\ud83c\uddea <a href=\"https:\/\/dokdoc.eu\/2025\/09\/12\/mein-camino-von-berlin-nach-santiago\/\"><strong>\u201eAusgrabungen: Mein Camino von Berlin nach Santiago\u201c \u2013 deutsche Fassung bei dokdoc.eu<\/strong><\/a><\/li>\n<li>\ud83c\uddeb\ud83c\uddf7 <a href=\"https:\/\/dokdoc.eu\/fr\/2025\/09\/12\/mon-camino-de-berlin-a-saint-jacques\/\"><strong>\u201eFouilles : Mon Camino, de Berlin \u00e0 Saint-Jacques\u201c \u2013 franz\u00f6sische Fassung bei dokdoc.eu<\/strong><\/a><\/li>\n<\/ul>\n<h1><strong>2016\/17: Berlin\/Brandenburg<\/strong><\/h1>\n<p>Viel \u201eSt\u00fcckweg\u201c war es <a href=\"https:\/\/huettemann.eu\/de\/2017\/01\/von-berlin-in-die-altmark\/\">am Anfang<\/a>. Zun\u00e4chst ging es 2016 nach S\u00fcden zum Stadtrand Berlins, dann nach Potsdam und Brandenburg an der Havel. Das fulminante Kloster Lehnin bot mir meine erste Pilgerherberge. Nicht weniger beeindruckend folgte Kloster Jerichow, bevor es im Winter 2017 \u00fcber die Elbe in die Altmark ging.<\/p>\n<p>Mein Camino begann improvisiert \u2013 Schritt f\u00fcr Schritt aus der Gro\u00dfstadt heraus. Berlin bot mehr \u00dcberraschungen als gedacht: Schleichwege durch Hinterh\u00f6fe und Kleing\u00e4rten, Gewerbegebiete neben Photovoltaikfeldern, erste Jakobsmuscheln am Mauerweg. In Potsdam traf prachtvolle Schlosslandschaft auf DDR-Villenruhe und Pok\u00e9mon-Go-Familien. Im Regen f\u00fchrte mich der Weg ins Kloster Lehnin \u2013 mein erstes Pilgerkloster, ein Ort voller Stille und Spiritualit\u00e4t.<\/p>\n<p>In Brandenburg an der Havel stie\u00df ich erstmals auf das historische Erbe der Jakobspilger, durchquerte die Backsteinlandschaft und entdeckte Loriots Taufkirche. Weiter ging es nach Plaue und Jerichow: durch Schneelandschaften, W\u00e4lder und D\u00f6rfer, vorbei an Pulverfabriken und alten Pfarrh\u00e4usern. Im Kloster Jerichow erlebte ich Pilgergeschichte pur \u2013 allein inmitten der gewaltigen Backsteinromanik.<\/p>\n<p>\u00dcber die Elbe und durch Schneesturm erreichte ich Tangerm\u00fcnde mit seiner mittelalterlichen Pracht und Stendal mit winterlicher Altstadt. Am Ende standen 189 km, die ersten Pilgerstempel, neue Routinen und die Gewissheit: Aus kleinen Etappen war ein gro\u00dfes Projekt geworden.<\/p>\n<p><strong><a href=\"https:\/\/huettemann.eu\/de\/2017\/01\/von-berlin-in-die-altmark\/\">\ud83d\udc63 Mein ausf\u00fchrlicher Bericht von Berlin nach Stendal<\/a><\/strong><\/p>\n<figure id=\"attachment_4141\" aria-describedby=\"caption-attachment-4141\" style=\"width: 1280px\" class=\"wp-caption aligncenter\"><a href=\"https:\/\/i0.wp.com\/huettemann.eu\/wp-content\/uploads\/2017\/01\/Jakobsweg-Jerichow.jpg?ssl=1\"><img data-recalc-dims=\"1\" loading=\"lazy\" decoding=\"async\" class=\"wp-image-4141 size-full\" src=\"https:\/\/i0.wp.com\/huettemann.eu\/wp-content\/uploads\/2017\/01\/Jakobsweg-Jerichow.jpg?resize=780%2C383&#038;ssl=1\" alt=\"\" width=\"780\" height=\"383\" srcset=\"https:\/\/i0.wp.com\/huettemann.eu\/wp-content\/uploads\/2017\/01\/Jakobsweg-Jerichow.jpg?w=1280&amp;ssl=1 1280w, https:\/\/i0.wp.com\/huettemann.eu\/wp-content\/uploads\/2017\/01\/Jakobsweg-Jerichow.jpg?resize=300%2C147&amp;ssl=1 300w, https:\/\/i0.wp.com\/huettemann.eu\/wp-content\/uploads\/2017\/01\/Jakobsweg-Jerichow.jpg?resize=1024%2C503&amp;ssl=1 1024w, https:\/\/i0.wp.com\/huettemann.eu\/wp-content\/uploads\/2017\/01\/Jakobsweg-Jerichow.jpg?resize=768%2C377&amp;ssl=1 768w\" sizes=\"auto, (max-width: 780px) 100vw, 780px\" \/><\/a><figcaption id=\"caption-attachment-4141\" class=\"wp-caption-text\">Kloster Jerichow<\/figcaption><\/figure>\n<figure id=\"attachment_3354\" aria-describedby=\"caption-attachment-3354\" style=\"width: 1280px\" class=\"wp-caption alignnone\"><a href=\"https:\/\/huettemann.eu\/de\/2017\/01\/von-berlin-in-die-altmark\/\"><img data-recalc-dims=\"1\" loading=\"lazy\" decoding=\"async\" class=\"wp-image-3354 size-full\" src=\"https:\/\/i0.wp.com\/huettemann.eu\/wp-content\/uploads\/2017\/01\/Berlin-Jerichow-Altmark-1-e1590830038525.jpg?resize=780%2C296&#038;ssl=1\" alt=\"\" width=\"780\" height=\"296\" \/><\/a><figcaption id=\"caption-attachment-3354\" class=\"wp-caption-text\">Von Berlin in die Altmark via Potsdam, Brandenburg an der Havel, Kloster Lehnin, Kloster Jerichow<\/figcaption><\/figure>\n<h1><strong>2017: Sachsen-Anhalt<\/strong><\/h1>\n<p>In der <a href=\"http:\/\/www.jakobusweg-sachsen-anhalt.de\/\">Altmark ist der Jakobsweg<\/a> gut erschlossen. Vom Kloster Jerichow ging es \u00fcber die Elbe nach Tangerm\u00fcnde und von dort \u00fcber Stendal weiter nach Magdeburg und westw\u00e4rts bis Eilsleben.<\/p>\n<p>Es war mein l\u00e4ngster Jakobsweg bis dahin, mit Etappen von \u00fcber 40 km \u2013 flache, endlose Schritte durch eine oft trostlose Magdeburger B\u00f6rde, unterbrochen von stillen D\u00f6rfern und Hochwasserdeichen. Der \u201eMonte Kali\u201c bei Zielitz zwang zu Umwegen, Wolmirstedt \u00fcberraschte mit seiner Schlossdom\u00e4ne. Eindrucksvoll war die Trogbr\u00fccke Magdeburg, wo der Mittellandkanal die Elbe \u00fcberspannt \u2013 ein Bild europ\u00e4ischer Ingenieurskunst.<\/p>\n<p>Magdeburg selbst zeigte sich als aus Ruinen auferstandene Stadt: hart gezeichnet, aber voller W\u00fcrde, mit Dom und Kathedrale St. Sebastian als spirituellen H\u00f6hepunkten. Westw\u00e4rts ging es dann durch D\u00f6rfer meiner Kindheitserinnerung, Begegnungen mit Pilgern und bedr\u00fcckende Trostlosigkeit wie in Dreileben.<\/p>\n<p>Nach 129 km endete die Etappe in Eilsleben \u2013 mit der Erfahrung, dass auch in kargen Landschaften die Tiefe des Pilgerns zu finden ist.<\/p>\n<p><a href=\"https:\/\/huettemann.eu\/de\/2017\/06\/mein-weg-in-sachsen-anhalt\/\"><strong>\ud83d\udc63 Mein ausf\u00fchrlicher Bericht vom Weg in Sachsen-Anhalt<\/strong><\/a><\/p>\n<figure id=\"attachment_6214\" aria-describedby=\"caption-attachment-6214\" style=\"width: 2048px\" class=\"wp-caption aligncenter\"><a href=\"https:\/\/i0.wp.com\/huettemann.eu\/wp-content\/uploads\/2025\/09\/Kanal-bei-Magdeburg.webp?ssl=1\"><img data-recalc-dims=\"1\" loading=\"lazy\" decoding=\"async\" class=\"wp-image-6214 size-full\" src=\"https:\/\/i0.wp.com\/huettemann.eu\/wp-content\/uploads\/2025\/09\/Kanal-bei-Magdeburg.webp?resize=780%2C439&#038;ssl=1\" alt=\"\" width=\"780\" height=\"439\" srcset=\"https:\/\/i0.wp.com\/huettemann.eu\/wp-content\/uploads\/2025\/09\/Kanal-bei-Magdeburg.webp?w=2048&amp;ssl=1 2048w, https:\/\/i0.wp.com\/huettemann.eu\/wp-content\/uploads\/2025\/09\/Kanal-bei-Magdeburg.webp?resize=300%2C169&amp;ssl=1 300w, https:\/\/i0.wp.com\/huettemann.eu\/wp-content\/uploads\/2025\/09\/Kanal-bei-Magdeburg.webp?resize=1024%2C576&amp;ssl=1 1024w, https:\/\/i0.wp.com\/huettemann.eu\/wp-content\/uploads\/2025\/09\/Kanal-bei-Magdeburg.webp?resize=768%2C432&amp;ssl=1 768w, https:\/\/i0.wp.com\/huettemann.eu\/wp-content\/uploads\/2025\/09\/Kanal-bei-Magdeburg.webp?resize=1536%2C864&amp;ssl=1 1536w\" sizes=\"auto, (max-width: 780px) 100vw, 780px\" \/><\/a><figcaption id=\"caption-attachment-6214\" class=\"wp-caption-text\">Wasserstra\u00dfenkreuz Magdeburg<\/figcaption><\/figure>\n<figure id=\"attachment_3999\" aria-describedby=\"caption-attachment-3999\" style=\"width: 1280px\" class=\"wp-caption alignnone\"><a href=\"https:\/\/huettemann.eu\/de\/2017\/06\/mein-weg-in-sachsen-anhalt\/\"><img data-recalc-dims=\"1\" loading=\"lazy\" decoding=\"async\" class=\"wp-image-3999 size-full\" src=\"https:\/\/i0.wp.com\/huettemann.eu\/wp-content\/uploads\/2020\/05\/Stendal-Eilsleben.jpg?resize=780%2C313&#038;ssl=1\" alt=\"von Stendal nach Eilsleben\" width=\"780\" height=\"313\" srcset=\"https:\/\/i0.wp.com\/huettemann.eu\/wp-content\/uploads\/2020\/05\/Stendal-Eilsleben.jpg?w=1280&amp;ssl=1 1280w, https:\/\/i0.wp.com\/huettemann.eu\/wp-content\/uploads\/2020\/05\/Stendal-Eilsleben.jpg?resize=300%2C120&amp;ssl=1 300w, https:\/\/i0.wp.com\/huettemann.eu\/wp-content\/uploads\/2020\/05\/Stendal-Eilsleben.jpg?resize=1024%2C411&amp;ssl=1 1024w, https:\/\/i0.wp.com\/huettemann.eu\/wp-content\/uploads\/2020\/05\/Stendal-Eilsleben.jpg?resize=768%2C308&amp;ssl=1 768w\" sizes=\"auto, (max-width: 780px) 100vw, 780px\" \/><\/a><figcaption id=\"caption-attachment-3999\" class=\"wp-caption-text\">Der Weg von Stendal \u00fcber Magdeburg nach Eilsleben<\/figcaption><\/figure>\n<h1><strong>2017: Niedersachsen<\/strong><\/h1>\n<p>Von Eilsleben aus ging es durch die B\u00f6rde in das <a href=\"https:\/\/huettemann.eu\/de\/2017\/12\/von-eilsleben-nach-braunschweig\/\">Braunschweiger Land<\/a>, anschlie\u00dfend \u00fcber Hildesheim in das Weserbergland. Die erste l\u00e4ngere Wanderung brachte mir \u00dcbernachtungen in einem \u201eechten\u201c Kloster und in einer evangelischen Abtei. Drei UNESCO-Welterbest\u00e4tten habe ich dabei ganz nebenbei erwandert. H\u00f6he- und Schlusspunkt war <a href=\"https:\/\/huettemann.eu\/de\/2017\/12\/in-das-weserbergland-pilgern\/\">Kloster Corvey<\/a>.<\/p>\n<p>Zwischen Eilsleben und Braunschweig wurde \u201eOstfalen\u201c f\u00fcr mich greifbar: Marienborn als stiller Wallfahrtsort neben der gewaltigen DDR-Grenzanlage, der Schritt nach Niedersachsen am Lappwald \u2013 und dann Luxus pur: perfekte Pilgerbeschilderung bis Braunschweig.<\/p>\n<p>R\u00e4bke schenkte Herbergsgl\u00fcck und M\u00fchlengeschichten, K\u00f6nigslutter begeisterte mit Stadtkirche und Kaiserdom, der Elm trug mich nach Veltheim in eine frisch erk\u00e4mpfte Pilgerh\u00fctte \u2013 Europa im Kleinen. In Braunschweig reihten sich offene Kirchen, Dom St. Blasii, St. Ulrici-Br\u00fcdern und die Jakob-Kemenate wie eine Lehrstunde in Stadtgeschichte.<\/p>\n<p>\u00dcber Ottbergen und den Vorholz erreichte ich Hildesheim mit Dom und St. Michaelis und schlie\u00dflich ein lebendiges Klosterleben in Marienrode. Sturm \u201eXavier\u201c, ein Gratis-Latte im Domfoyer, Alfelds Fachwerkglanz und das Fagus-Werk markierten die Kontraste, bevor Amelungsborn mit Pilgerinnenrunde, Rotwein und Pizza die Seele w\u00e4rmte.<\/p>\n<p>Durch das Weserbergland f\u00fchrte der Weg zur Weser und hin\u00fcber nach Nordrhein-Westfalen: Corvey\/H\u00f6xter. Heimat in Sicht \u2013 das Hochstift Paderborn rief.<\/p>\n<p><strong><a href=\"https:\/\/huettemann.eu\/de\/2017\/12\/von-eilsleben-nach-braunschweig\/\">\ud83d\udc63 Mein ausf\u00fchrlicher Bericht von Eilsleben nach Braunschweig<\/a><\/strong><\/p>\n<p><strong><a href=\"https:\/\/huettemann.eu\/de\/2017\/12\/in-das-weserbergland-pilgern\/\">\ud83d\udc63 Mein ausf\u00fchrlicher Bericht von Braunschweig nach Westfalen<\/a><\/strong><\/p>\n<figure id=\"attachment_6186\" aria-describedby=\"caption-attachment-6186\" style=\"width: 1024px\" class=\"wp-caption aligncenter\"><a href=\"https:\/\/i0.wp.com\/huettemann.eu\/wp-content\/uploads\/2025\/09\/Jakobsweg-Kaiserdom.webp?ssl=1\"><img data-recalc-dims=\"1\" loading=\"lazy\" decoding=\"async\" class=\"wp-image-6186 size-full\" src=\"https:\/\/i0.wp.com\/huettemann.eu\/wp-content\/uploads\/2025\/09\/Jakobsweg-Kaiserdom.webp?resize=780%2C395&#038;ssl=1\" alt=\"\" width=\"780\" height=\"395\" srcset=\"https:\/\/i0.wp.com\/huettemann.eu\/wp-content\/uploads\/2025\/09\/Jakobsweg-Kaiserdom.webp?w=1024&amp;ssl=1 1024w, https:\/\/i0.wp.com\/huettemann.eu\/wp-content\/uploads\/2025\/09\/Jakobsweg-Kaiserdom.webp?resize=300%2C152&amp;ssl=1 300w, https:\/\/i0.wp.com\/huettemann.eu\/wp-content\/uploads\/2025\/09\/Jakobsweg-Kaiserdom.webp?resize=768%2C389&amp;ssl=1 768w\" sizes=\"auto, (max-width: 780px) 100vw, 780px\" \/><\/a><figcaption id=\"caption-attachment-6186\" class=\"wp-caption-text\">K\u00f6nigslutter<\/figcaption><\/figure>\n<figure id=\"attachment_4011\" aria-describedby=\"caption-attachment-4011\" style=\"width: 1280px\" class=\"wp-caption alignnone\"><img data-recalc-dims=\"1\" loading=\"lazy\" decoding=\"async\" class=\"wp-image-4011 size-full\" src=\"https:\/\/i0.wp.com\/huettemann.eu\/wp-content\/uploads\/2020\/05\/Niedersachsen-Jakobsweg.jpg?resize=780%2C372&#038;ssl=1\" alt=\"Niedersachsen Jakobsweg\" width=\"780\" height=\"372\" srcset=\"https:\/\/i0.wp.com\/huettemann.eu\/wp-content\/uploads\/2020\/05\/Niedersachsen-Jakobsweg.jpg?w=1280&amp;ssl=1 1280w, https:\/\/i0.wp.com\/huettemann.eu\/wp-content\/uploads\/2020\/05\/Niedersachsen-Jakobsweg.jpg?resize=300%2C143&amp;ssl=1 300w, https:\/\/i0.wp.com\/huettemann.eu\/wp-content\/uploads\/2020\/05\/Niedersachsen-Jakobsweg.jpg?resize=1024%2C488&amp;ssl=1 1024w, https:\/\/i0.wp.com\/huettemann.eu\/wp-content\/uploads\/2020\/05\/Niedersachsen-Jakobsweg.jpg?resize=768%2C366&amp;ssl=1 768w\" sizes=\"auto, (max-width: 780px) 100vw, 780px\" \/><figcaption id=\"caption-attachment-4011\" class=\"wp-caption-text\">Der gesamte Weg in Niedersachsen von Helmstedt nach Kloster Corvey<\/figcaption><\/figure>\n<h1><strong>2018: Westfalen<\/strong><\/h1>\n<p>2018 ging es von Corvey an der Weser durch meine Heimat, das Hochstift <a href=\"https:\/\/huettemann.eu\/de\/2018\/08\/im-gebirgigten-westphalen-pilgern\/\">Paderborn<\/a>, in das <a href=\"https:\/\/huettemann.eu\/de\/2018\/08\/im-gebirgigten-westphalen-pilgern\/\">Hochsauerland<\/a>: Natur pur mit Fachwerk, Kapellen und Bergbaustollen.<\/p>\n<p>Von Corvey \u00fcber Heiligenberg und Ovenhausen \u2013 Blaskapelle, Humor und Stempel-Mission inklusive \u2013 ging es hinein in meine Heimat: bergig, wetterlaunig, mit Fisselregen im Nethetal und Sturm auf der Egge. Kloster Brede schenkte mir Schwester-Gastfreundschaft. \u00dcber Rheder, Gehrden und Dringenberg erreichte ich Bad Driburg und im Pl\u00e4dderregen schlie\u00dflich die Iburg und die \u201ePaderborn Highlands\u201c.<\/p>\n<p>In Paderborn sammelte ich am Paradiesportal, im Dom und in der Busdorfkirche die Pilgerspuren meiner Kindheit. Der neu markierte Jakobsweg nach Elspe f\u00fchrte mich anschlie\u00dfend \u00fcber die Hillige Seele, Atteln\/Husen mit Familienhalt, Dalheim und Marsberg.<\/p>\n<p>Giershagen bot Pfarrheim, Abendbrot und Gespr\u00e4che, danach ging es durch das sch\u00f6ne Sauerland mit Abstecher ins Bergarbeiter-Ramsbeck, barockem Remblinghausen und herzlichem Eslohe. \u00dcber Hofkapellen und ein Fr\u00fchst\u00fcck in Bremscheid erreichte ich Elspe, wo die Heidenstra\u00dfe begann, und schloss die Etappe in Grevenbr\u00fcck ab.<\/p>\n<p>Heimat, Kl\u00f6ster, offene T\u00fcren: anstrengend, begl\u00fcckend \u2013 und wieder ein gro\u00dfes St\u00fcck n\u00e4her an Santiago.<\/p>\n<p><strong><a href=\"https:\/\/huettemann.eu\/de\/2018\/08\/im-gebirgigten-westphalen-pilgern\/\">\ud83d\udc63 Mein ausf\u00fchrlicher Bericht im \u201egebirgigten Westphalen\u201c \u2013 Hochstift Paderborn\/Hochsauerland<\/a><\/strong><\/p>\n<figure id=\"attachment_6176\" aria-describedby=\"caption-attachment-6176\" style=\"width: 768px\" class=\"wp-caption aligncenter\"><a href=\"https:\/\/i0.wp.com\/huettemann.eu\/wp-content\/uploads\/2025\/09\/Blaskapelle-bei-Paderborn.webp?ssl=1\"><img data-recalc-dims=\"1\" loading=\"lazy\" decoding=\"async\" class=\"wp-image-6176 size-full\" src=\"https:\/\/i0.wp.com\/huettemann.eu\/wp-content\/uploads\/2025\/09\/Blaskapelle-bei-Paderborn.webp?resize=768%2C375&#038;ssl=1\" alt=\"\" width=\"768\" height=\"375\" srcset=\"https:\/\/i0.wp.com\/huettemann.eu\/wp-content\/uploads\/2025\/09\/Blaskapelle-bei-Paderborn.webp?w=768&amp;ssl=1 768w, https:\/\/i0.wp.com\/huettemann.eu\/wp-content\/uploads\/2025\/09\/Blaskapelle-bei-Paderborn.webp?resize=300%2C146&amp;ssl=1 300w\" sizes=\"auto, (max-width: 768px) 100vw, 768px\" \/><\/a><figcaption id=\"caption-attachment-6176\" class=\"wp-caption-text\">Die Blaskapelle von Ovenhausen<\/figcaption><\/figure>\n<figure id=\"attachment_4013\" aria-describedby=\"caption-attachment-4013\" style=\"width: 1280px\" class=\"wp-caption aligncenter\"><img data-recalc-dims=\"1\" loading=\"lazy\" decoding=\"async\" class=\"wp-image-4013 size-full\" src=\"https:\/\/i0.wp.com\/huettemann.eu\/wp-content\/uploads\/2020\/05\/Westfalen-Jakobsweg.jpg?resize=780%2C413&#038;ssl=1\" alt=\"\" width=\"780\" height=\"413\" srcset=\"https:\/\/i0.wp.com\/huettemann.eu\/wp-content\/uploads\/2020\/05\/Westfalen-Jakobsweg.jpg?w=1280&amp;ssl=1 1280w, https:\/\/i0.wp.com\/huettemann.eu\/wp-content\/uploads\/2020\/05\/Westfalen-Jakobsweg.jpg?resize=300%2C159&amp;ssl=1 300w, https:\/\/i0.wp.com\/huettemann.eu\/wp-content\/uploads\/2020\/05\/Westfalen-Jakobsweg.jpg?resize=1024%2C542&amp;ssl=1 1024w, https:\/\/i0.wp.com\/huettemann.eu\/wp-content\/uploads\/2020\/05\/Westfalen-Jakobsweg.jpg?resize=768%2C407&amp;ssl=1 768w\" sizes=\"auto, (max-width: 780px) 100vw, 780px\" \/><figcaption id=\"caption-attachment-4013\" class=\"wp-caption-text\">Der Jakobsweg in meiner westf\u00e4lischen Heimat<\/figcaption><\/figure>\n<h1><strong>2019: Bergisches Land und K\u00f6lner Bucht<\/strong><\/h1>\n<p>Vom <a href=\"https:\/\/huettemann.eu\/de\/2019\/07\/von-grevenbrueck-ueber-den-rhein-nach-weilerswist\/\">Sauerland ging es \u00fcber das Bergische Land und den Rhein in die K\u00f6lner Bucht<\/a>: Jakobsweg durch eine Metropolregion.<\/p>\n<p>Von Grevenbr\u00fcck f\u00fchrte mich die \u201eHeidenstra\u00dfe\u201c ins Rheinland: \u00fcber Attendorn, Meinerzhagen, Marienheide, Lindlar und Bensberg bis zum K\u00f6lner Dom. Westf\u00e4lische Fachwerkd\u00f6rfer, Talsperren und H\u00f6henwege begleiteten mich \u2013 dazu Fisselregen, Hagel und endlich K\u00f6lsch statt Pils.<\/p>\n<p>In Attendorn schenkte mir Pastor Neuser herzliche Gastfreundschaft, auch andernorts halfen Gemeinden spontan mit Unterkunft. H\u00f6hepunkte waren der Blick vom Schloss Bensberg auf den Dom, die Ankunft \u00fcber die Deutzer Br\u00fccke und der Pilgerstempel im Hohen Dom selbst \u2013 mitten im touristischen Gewimmel.<\/p>\n<p>Von K\u00f6ln aus begann die Via Coloniensis: durch Br\u00fchl und entlang der r\u00f6mischen Wasserleitung nach Weilerswist, wo Hitze, Blasen und Wassermangel die letzten Kilometer pr\u00e4gten. Doch mit 938 km seit Berlin und den ersten Schritten ins Rheinland war klar: Die Eifel ruft als n\u00e4chste gro\u00dfe Etappe.<\/p>\n<p><a href=\"https:\/\/huettemann.eu\/de\/2019\/07\/von-grevenbrueck-ueber-den-rhein-nach-weilerswist\/\"><strong>\ud83d\udc63 Mein ausf\u00fchrlicher Bericht vom Weg durch das Bergische Land \u00fcber K\u00f6ln hinaus<\/strong><\/a><\/p>\n<figure id=\"attachment_3952\" aria-describedby=\"caption-attachment-3952\" style=\"width: 1539px\" class=\"wp-caption aligncenter\"><a href=\"https:\/\/huettemann.eu\/wp-content\/uploads\/2020\/05\/ab30bb25b15b9868e57c75547871eb26.bmp\"><img loading=\"lazy\" decoding=\"async\" class=\"wp-image-3952 size-full\" src=\"https:\/\/huettemann.eu\/wp-content\/uploads\/2020\/05\/ab30bb25b15b9868e57c75547871eb26.bmp\" alt=\"\" width=\"1539\" height=\"832\" srcset=\"https:\/\/huettemann.eu\/wp-content\/uploads\/2020\/05\/ab30bb25b15b9868e57c75547871eb26.bmp 1539w, https:\/\/huettemann.eu\/wp-content\/uploads\/2020\/05\/ab30bb25b15b9868e57c75547871eb26.bmp 300w, https:\/\/huettemann.eu\/wp-content\/uploads\/2020\/05\/ab30bb25b15b9868e57c75547871eb26.bmp 1024w, https:\/\/huettemann.eu\/wp-content\/uploads\/2020\/05\/ab30bb25b15b9868e57c75547871eb26.bmp 768w, https:\/\/huettemann.eu\/wp-content\/uploads\/2020\/05\/ab30bb25b15b9868e57c75547871eb26.bmp 1536w\" sizes=\"auto, (max-width: 780px) 100vw, 780px\" \/><\/a><figcaption id=\"caption-attachment-3952\" class=\"wp-caption-text\">Ab jetzt nur noch r\u00f6misch&#8230;<\/figcaption><\/figure>\n<figure id=\"attachment_4019\" aria-describedby=\"caption-attachment-4019\" style=\"width: 1280px\" class=\"wp-caption alignnone\"><img data-recalc-dims=\"1\" loading=\"lazy\" decoding=\"async\" class=\"wp-image-4019 size-full\" src=\"https:\/\/i0.wp.com\/huettemann.eu\/wp-content\/uploads\/2020\/05\/Jakobsweg-K%C3%B6ln.jpg?resize=780%2C394&#038;ssl=1\" alt=\"Jakobsweg K\u00f6ln\" width=\"780\" height=\"394\" srcset=\"https:\/\/i0.wp.com\/huettemann.eu\/wp-content\/uploads\/2020\/05\/Jakobsweg-K%C3%B6ln.jpg?w=1280&amp;ssl=1 1280w, https:\/\/i0.wp.com\/huettemann.eu\/wp-content\/uploads\/2020\/05\/Jakobsweg-K%C3%B6ln.jpg?resize=300%2C152&amp;ssl=1 300w, https:\/\/i0.wp.com\/huettemann.eu\/wp-content\/uploads\/2020\/05\/Jakobsweg-K%C3%B6ln.jpg?resize=1024%2C518&amp;ssl=1 1024w, https:\/\/i0.wp.com\/huettemann.eu\/wp-content\/uploads\/2020\/05\/Jakobsweg-K%C3%B6ln.jpg?resize=768%2C388&amp;ssl=1 768w\" sizes=\"auto, (max-width: 780px) 100vw, 780px\" \/><figcaption id=\"caption-attachment-4019\" class=\"wp-caption-text\">Durch das Bergische Land in die K\u00f6lner Bucht<\/figcaption><\/figure>\n<h1>2020: Eifel\/Luxemburg<\/h1>\n<p>Auf meiner \u201eTour Eifel\u201c ging es von Weilerswist in der K\u00f6lner Bucht \u00fcber das luxemburgische Echternach in die alte Kaiserstadt Trier \u2013 Pilgern in der Pandemie.<\/p>\n<p>Von Weilerswist zog ich auf der Via Coloniensis durch die Eifel bis Trier: einsam in Corona-Zeiten, aber getragen von offener rheinisch-moselfr\u00e4nkischer Herzlichkeit. Haus Maria Rast, Bad M\u00fcnstereifel und Blankenheim er\u00f6ffneten die H\u00fcgel; Kronenburg, Schneifel und Pr\u00fcm brachten Weite \u2013 samt Spuren von Westwall und R\u00f6mern.<\/p>\n<p>Kleine Wunder am Weg waren die \u201eGastfreundschaft am Wege\u201c in Gondenbrett, Kurt Meyers Pilgergarage in Ammeldingen und der mystische Menhir \u201eFraubillenkreuz\u201c auf dem Ferschweiler Plateau. Mein \u201eEchternacher Sprung\u201c f\u00fchrte zu Paschtouer Erasmy \u2013 ein \u00fcppiges Fr\u00fchst\u00fcck, tiefe Gespr\u00e4che und Willibrord statt K\u00f6lsch: nun Bitburger, bald Wein.<\/p>\n<p>Zur\u00fcck an der Sauer ging es \u00fcber Welschbillig in die Kaiserstadt Trier: Porta Nigra, Dom, Basilika St. Matthias \u2013 und im Pilgerb\u00fcro die erste Urkunde. 236 weitere Kilometer, viele Stempel, wenig Mitpilger, viel Naturspiritualit\u00e4t: Die Eifel verabschiedete mich an der Mosel \u2013 bereit f\u00fcr Schengen und Lothringen.<\/p>\n<p><a href=\"https:\/\/huettemann.eu\/de\/2020\/08\/jakobsweg-nach-luxemburg-und-trier\/\"><strong>\ud83d\udc63 Mein ausf\u00fchrlicher Bericht von meinem Weg durch die Eifel nach Trier<\/strong><\/a><\/p>\n<figure id=\"attachment_4336\" aria-describedby=\"caption-attachment-4336\" style=\"width: 2048px\" class=\"wp-caption alignnone\"><img data-recalc-dims=\"1\" loading=\"lazy\" decoding=\"async\" class=\"wp-image-4336 size-full\" src=\"https:\/\/i0.wp.com\/huettemann.eu\/wp-content\/uploads\/2020\/08\/Hinkelstein.jpg?resize=780%2C379&#038;ssl=1\" alt=\"\" width=\"780\" height=\"379\" srcset=\"https:\/\/i0.wp.com\/huettemann.eu\/wp-content\/uploads\/2020\/08\/Hinkelstein.jpg?w=2048&amp;ssl=1 2048w, https:\/\/i0.wp.com\/huettemann.eu\/wp-content\/uploads\/2020\/08\/Hinkelstein.jpg?resize=300%2C146&amp;ssl=1 300w, https:\/\/i0.wp.com\/huettemann.eu\/wp-content\/uploads\/2020\/08\/Hinkelstein.jpg?resize=1024%2C498&amp;ssl=1 1024w, https:\/\/i0.wp.com\/huettemann.eu\/wp-content\/uploads\/2020\/08\/Hinkelstein.jpg?resize=768%2C374&amp;ssl=1 768w, https:\/\/i0.wp.com\/huettemann.eu\/wp-content\/uploads\/2020\/08\/Hinkelstein.jpg?resize=1536%2C747&amp;ssl=1 1536w\" sizes=\"auto, (max-width: 780px) 100vw, 780px\" \/><figcaption id=\"caption-attachment-4336\" class=\"wp-caption-text\">St. Willibrord machte einen keltischen Hinkelstein zum Fraubillenkreuz<\/figcaption><\/figure>\n<p><a href=\"https:\/\/www.komoot.de\/collection\/992472\/-jakobsweg-eifel-2020\"><img data-recalc-dims=\"1\" loading=\"lazy\" decoding=\"async\" class=\"alignnone wp-image-4193 size-full\" src=\"https:\/\/i0.wp.com\/huettemann.eu\/wp-content\/uploads\/2020\/07\/Eifeltour.jpg?resize=780%2C414&#038;ssl=1\" alt=\"\" width=\"780\" height=\"414\" srcset=\"https:\/\/i0.wp.com\/huettemann.eu\/wp-content\/uploads\/2020\/07\/Eifeltour.jpg?w=1280&amp;ssl=1 1280w, https:\/\/i0.wp.com\/huettemann.eu\/wp-content\/uploads\/2020\/07\/Eifeltour.jpg?resize=300%2C159&amp;ssl=1 300w, https:\/\/i0.wp.com\/huettemann.eu\/wp-content\/uploads\/2020\/07\/Eifeltour.jpg?resize=1024%2C544&amp;ssl=1 1024w, https:\/\/i0.wp.com\/huettemann.eu\/wp-content\/uploads\/2020\/07\/Eifeltour.jpg?resize=768%2C408&amp;ssl=1 768w\" sizes=\"auto, (max-width: 780px) 100vw, 780px\" \/><\/a><\/p>\n<h1>2021: Schengen\/Lothringen<\/h1>\n<p>Von Trier ging es 2021 \u00fcber Schengen nach Frankreich und \u2013 mit einem pers\u00f6nlichen Umweg \u00fcber Boust und Thionville \u2013 weiter \u00fcber Metz nach Toul.<\/p>\n<p><em>Je suis arriv\u00e9 en France:<\/em> Von Trier f\u00fchrte mich der Weg zun\u00e4chst an der Mosel entlang, kurz nach Luxemburg \u2013 Schengen! \u2013 und dann hinein ins Grand Est. R\u00f6mische Spuren bei Tawern und Borg, die Maginot-Linie und die K\u00fchlt\u00fcrme von Cattenom begleiteten den Weg.<\/p>\n<p>In K\u00f6rrig\/Merzkirchen gab es Pfarrhausschl\u00fcssel und Gartenblick bis nach Lothringen, in Rettel \u00f6ffnete S\u0153ur H\u00e9l\u00e8ne die T\u00fcr. Ein bewegender Umweg f\u00fchrte nach Boust zu der Familie, auf deren Hof mein Gro\u00dfvater 1946 als deutscher Kriegsgefangener gearbeitet hatte. Aus einer Nachkriegsgeschichte war \u00fcber Generationen eine pers\u00f6nliche deutsch-franz\u00f6sische Verbindung geworden.<\/p>\n<p>\u00dcber Thionville \u2013 Robert Schuman gr\u00fc\u00dfte am H\u00f4tel de Ville \u2013 fand ich zur\u00fcck auf den Jakobsweg. Metz begeisterte mit Kathedrallicht, Festungslinien und einer faszinierenden Mischung aus Reichsstadtgeschichte und franz\u00f6sischer Eleganz.<\/p>\n<p>Von Metz ging es <strong>flussaufw\u00e4rts an der Mosel<\/strong> weiter: Dieulouard mit Abb\u00e9 G\u00e9rard, Patrice und Sylvie; Liverdun auf seiner Felsenzunge; Villey-Saint-\u00c9tienne mit der gro\u00dfartigen Gastfreundschaft von Anne. In Toul schlie\u00dflich die stille Kr\u00f6nung: der Turmaufstieg an der <strong>Cath\u00e9drale Saint-\u00c9tienne<\/strong> und das sichere Gef\u00fchl, dass der Camino hinter Grenzen und Sprachen derselbe bleibt \u2013 nur die Pilgerstempel hei\u00dfen jetzt <em>tampons<\/em>.<\/p>\n<p><a href=\"https:\/\/huettemann.eu\/de\/2021\/12\/mein-weg-ueber-grenzen\/\"><strong>\ud83d\udc63 Mein ausf\u00fchrlicher Bericht von Trier \u00fcber Schengen und Lothringen nach Toul<\/strong><\/a><\/p>\n<figure id=\"attachment_4784\" aria-describedby=\"caption-attachment-4784\" style=\"width: 2016px\" class=\"wp-caption alignnone\"><img data-recalc-dims=\"1\" loading=\"lazy\" decoding=\"async\" class=\"wp-image-4784 size-full\" src=\"https:\/\/i0.wp.com\/huettemann.eu\/wp-content\/uploads\/2021\/12\/schengen-e1640971834654.jpg?resize=780%2C284&#038;ssl=1\" alt=\"\" width=\"780\" height=\"284\" srcset=\"https:\/\/i0.wp.com\/huettemann.eu\/wp-content\/uploads\/2021\/12\/schengen-e1640971834654.jpg?w=2016&amp;ssl=1 2016w, https:\/\/i0.wp.com\/huettemann.eu\/wp-content\/uploads\/2021\/12\/schengen-e1640971834654.jpg?resize=300%2C109&amp;ssl=1 300w, https:\/\/i0.wp.com\/huettemann.eu\/wp-content\/uploads\/2021\/12\/schengen-e1640971834654.jpg?resize=1024%2C373&amp;ssl=1 1024w, https:\/\/i0.wp.com\/huettemann.eu\/wp-content\/uploads\/2021\/12\/schengen-e1640971834654.jpg?resize=768%2C280&amp;ssl=1 768w, https:\/\/i0.wp.com\/huettemann.eu\/wp-content\/uploads\/2021\/12\/schengen-e1640971834654.jpg?resize=1536%2C560&amp;ssl=1 1536w\" sizes=\"auto, (max-width: 780px) 100vw, 780px\" \/><figcaption id=\"caption-attachment-4784\" class=\"wp-caption-text\">Abstecher nach Schengen<\/figcaption><\/figure>\n<p><a href=\"https:\/\/www.komoot.de\/collection\/1328930\/-lorraine-2021\"><img data-recalc-dims=\"1\" loading=\"lazy\" decoding=\"async\" class=\"alignnone size-full wp-image-4653\" src=\"https:\/\/i0.wp.com\/huettemann.eu\/wp-content\/uploads\/2021\/10\/Clipboard02.jpg?resize=780%2C428&#038;ssl=1\" alt=\"\" width=\"780\" height=\"428\" srcset=\"https:\/\/i0.wp.com\/huettemann.eu\/wp-content\/uploads\/2021\/10\/Clipboard02.jpg?w=1706&amp;ssl=1 1706w, https:\/\/i0.wp.com\/huettemann.eu\/wp-content\/uploads\/2021\/10\/Clipboard02.jpg?resize=300%2C165&amp;ssl=1 300w, https:\/\/i0.wp.com\/huettemann.eu\/wp-content\/uploads\/2021\/10\/Clipboard02.jpg?resize=1024%2C562&amp;ssl=1 1024w, https:\/\/i0.wp.com\/huettemann.eu\/wp-content\/uploads\/2021\/10\/Clipboard02.jpg?resize=768%2C421&amp;ssl=1 768w, https:\/\/i0.wp.com\/huettemann.eu\/wp-content\/uploads\/2021\/10\/Clipboard02.jpg?resize=1536%2C843&amp;ssl=1 1536w\" sizes=\"auto, (max-width: 780px) 100vw, 780px\" \/><\/a><\/p>\n<h1>2022: Lothringen\/Champagne\/Burgund<\/h1>\n<p>Im August 2022 ging es von Toul weiter Richtung Dijon. Es war mein erstes Pilgerjahr nach den gro\u00dfen Pandemieeinschr\u00e4nkungen \u2013 hei\u00df, improvisiert und \u00fcberraschend herzlich.<\/p>\n<p>Von Toul \u00fcber Lothringen und die S\u00fcd-Champagne bis an den Rand Burgunds ging es bei bis zu 40 \u00b0C durch eine wundersch\u00f6ne, zugleich teilweise strukturschwache Region mit wenig Pilgerinfrastruktur, daf\u00fcr mit viel Menschlichkeit. Wasser war das gro\u00dfe Thema: drei Liter t\u00e4glich im Rucksack, Rettung oft an Mairies, Friedh\u00f6fen und Brunnen \u2013 das Quellland um Vittel und Contrex\u00e9ville half.<\/p>\n<p>Spirituell pr\u00e4gte mich hier weniger Jakobus als Jeanne d\u2019Arc: von Domr\u00e9my \u00fcber Bermont bis zur neogotischen Basilika \u2013 \u00fcberall die Jungfrau statt Pilgerstempel. \u00dcbernachten hie\u00df organisieren: Airbnbs, Camping, Gemeindes\u00e4le, einmal sogar ein ganzes Pfarrzentrum. Daf\u00fcr gab es Begegnungen satt \u2013 Pascale und Christophe in Chalaines, Clair in Lamarche, niederl\u00e4ndische und belgische Gastgeber:innen, die vergessene H\u00f6fe neu beleben, Eelco und Henri\u00ebtte auf der Ferme Adrien.<\/p>\n<p>Landschaftlich wechselten sich karstige Hochfl\u00e4chen, k\u00fchle Buchenw\u00e4lder und lange R\u00f6mergeraden ab. Highlights waren Neufch\u00e2teau, die Festungsstadt Langres mit Pilgerherberge und Diderot-Glanz, Via-Francigena-Begegnungen, der 40-km-K\u00f6nigstag nach Auberive und das majest\u00e4tische Grancey-le-Ch\u00e2teau.<\/p>\n<p>Am Ende zog mich Unterkunftsnot unfreiwillig nach Dijon, wo ich mit Kathedralstempel, Palais Ducal und einem bewegenden Wiedersehen meinen Etappenabschluss feierte. Bilanz: 1.684 km seit Berlin. Burgund wartete.<\/p>\n<p><a href=\"https:\/\/huettemann.eu\/de\/2022\/12\/durch-grand-est-nach-burgund-berndscamino\/\"><strong>\ud83d\udc63 Mein ausf\u00fchrlicher Bericht von Toul nach Is-sur-Tille<\/strong><\/a><\/p>\n<figure id=\"attachment_5041\" aria-describedby=\"caption-attachment-5041\" style=\"width: 1343px\" class=\"wp-caption alignnone\"><img data-recalc-dims=\"1\" loading=\"lazy\" decoding=\"async\" class=\"wp-image-5041 size-full\" src=\"https:\/\/i0.wp.com\/huettemann.eu\/wp-content\/uploads\/2023\/03\/Tour.jpg?resize=780%2C378&#038;ssl=1\" alt=\"\" width=\"780\" height=\"378\" srcset=\"https:\/\/i0.wp.com\/huettemann.eu\/wp-content\/uploads\/2023\/03\/Tour.jpg?w=1343&amp;ssl=1 1343w, https:\/\/i0.wp.com\/huettemann.eu\/wp-content\/uploads\/2023\/03\/Tour.jpg?resize=300%2C145&amp;ssl=1 300w, https:\/\/i0.wp.com\/huettemann.eu\/wp-content\/uploads\/2023\/03\/Tour.jpg?resize=1024%2C496&amp;ssl=1 1024w, https:\/\/i0.wp.com\/huettemann.eu\/wp-content\/uploads\/2023\/03\/Tour.jpg?resize=768%2C372&amp;ssl=1 768w\" sizes=\"auto, (max-width: 780px) 100vw, 780px\" \/><figcaption id=\"caption-attachment-5041\" class=\"wp-caption-text\">Grand Est<\/figcaption><\/figure>\n<p><a href=\"https:\/\/huettemann.eu\/de\/jakobsweg\/#LothringenChampagneBurgund\"><img data-recalc-dims=\"1\" loading=\"lazy\" decoding=\"async\" class=\"alignnone size-full wp-image-5002\" src=\"https:\/\/i0.wp.com\/huettemann.eu\/wp-content\/uploads\/2022\/06\/Toul-Dijon.jpg?resize=780%2C502&#038;ssl=1\" alt=\"\" width=\"780\" height=\"502\" srcset=\"https:\/\/i0.wp.com\/huettemann.eu\/wp-content\/uploads\/2022\/06\/Toul-Dijon.jpg?w=1912&amp;ssl=1 1912w, https:\/\/i0.wp.com\/huettemann.eu\/wp-content\/uploads\/2022\/06\/Toul-Dijon.jpg?resize=300%2C193&amp;ssl=1 300w, https:\/\/i0.wp.com\/huettemann.eu\/wp-content\/uploads\/2022\/06\/Toul-Dijon.jpg?resize=1024%2C659&amp;ssl=1 1024w, https:\/\/i0.wp.com\/huettemann.eu\/wp-content\/uploads\/2022\/06\/Toul-Dijon.jpg?resize=768%2C494&amp;ssl=1 768w, https:\/\/i0.wp.com\/huettemann.eu\/wp-content\/uploads\/2022\/06\/Toul-Dijon.jpg?resize=1536%2C989&amp;ssl=1 1536w\" sizes=\"auto, (max-width: 780px) 100vw, 780px\" \/><\/a><\/p>\n<h1>2023: Burgund<\/h1>\n<p>2023 f\u00fchrte mich mein #berndscamino nach Ostern von <strong>Is-sur-Tille<\/strong> bei Dijon bis nach Cluny \u2013 durch eine der sch\u00f6nsten Wein- und Klosterregionen Frankreichs.<\/p>\n<p>In Fontaine-l\u00e8s-Dijon, dem Geburtsort des heiligen Bernhard, erlebte ich die herzliche Hospitalit\u00e9 der \u201ePetites servantes des pauvres\u201c, bevor ich in C\u00eeteaux zwei Tage ins Trappistenleben eintauchte: Stundengebete, Schweigemahl, Gespr\u00e4che mit Fr\u00e8re Bernard und der legend\u00e4re K\u00e4se.<\/p>\n<p>Durch die Climats de Bourgogne wanderte ich bei Regen und Sonne zwischen Grands Crus nach Beaune mit dem H\u00f4tel-Dieu und weiter nach Fontaines, wo ich in einer Pilgerherberge Wadim traf, der seit Polen unterwegs war.<\/p>\n<p>H\u00fcgelige Hochfl\u00e4chen l\u00f6sten die Weinberge ab, in Chen\u00f4ves erlebte ich burgundische K\u00fcche bei Marie und Yves, in Taiz\u00e9 schlie\u00dflich einen lichtvollen Ruhetag voller Ges\u00e4nge und \u00d6kumene. Im Platzregen erreichte ich Cluny mit seinen Abteiruinen \u2013 Symbol von Reformgeist und Pilgergeschichte.<\/p>\n<p>Am Ende dieser Etappe stand ich bei 1.903 km seit Berlin. Irgendwo zwischen Beaune und Taiz\u00e9 lag damit auch die rechnerische Halbzeit meines damaligen Wegplans nach Santiago.<\/p>\n<p><strong><a href=\"https:\/\/huettemann.eu\/de\/2023\/05\/burgund\/\">\ud83d\udc63 Mein ausf\u00fchrlicher Bericht von Is-sur-Tille nach Cluny<\/a><\/strong><\/p>\n<p><img data-recalc-dims=\"1\" loading=\"lazy\" decoding=\"async\" class=\"alignleft wp-image-5333 size-full\" src=\"https:\/\/i0.wp.com\/huettemann.eu\/wp-content\/uploads\/2023\/05\/20230419_150311.jpg?resize=780%2C439&#038;ssl=1\" alt=\"\" width=\"780\" height=\"439\" srcset=\"https:\/\/i0.wp.com\/huettemann.eu\/wp-content\/uploads\/2023\/05\/20230419_150311.jpg?w=1920&amp;ssl=1 1920w, https:\/\/i0.wp.com\/huettemann.eu\/wp-content\/uploads\/2023\/05\/20230419_150311.jpg?resize=300%2C169&amp;ssl=1 300w, https:\/\/i0.wp.com\/huettemann.eu\/wp-content\/uploads\/2023\/05\/20230419_150311.jpg?resize=1024%2C576&amp;ssl=1 1024w, https:\/\/i0.wp.com\/huettemann.eu\/wp-content\/uploads\/2023\/05\/20230419_150311.jpg?resize=768%2C432&amp;ssl=1 768w, https:\/\/i0.wp.com\/huettemann.eu\/wp-content\/uploads\/2023\/05\/20230419_150311.jpg?resize=1536%2C864&amp;ssl=1 1536w\" sizes=\"auto, (max-width: 780px) 100vw, 780px\" \/><\/p>\n<p><a href=\"https:\/\/huettemann.eu\/de\/2023\/05\/burgund\/\"><img data-recalc-dims=\"1\" loading=\"lazy\" decoding=\"async\" class=\"alignnone wp-image-5058 size-full\" src=\"https:\/\/i0.wp.com\/huettemann.eu\/wp-content\/uploads\/2023\/03\/Dijon-nach-Cluny.jpg?resize=780%2C439&#038;ssl=1\" alt=\"\" width=\"780\" height=\"439\" srcset=\"https:\/\/i0.wp.com\/huettemann.eu\/wp-content\/uploads\/2023\/03\/Dijon-nach-Cluny.jpg?w=1638&amp;ssl=1 1638w, https:\/\/i0.wp.com\/huettemann.eu\/wp-content\/uploads\/2023\/03\/Dijon-nach-Cluny.jpg?resize=300%2C169&amp;ssl=1 300w, https:\/\/i0.wp.com\/huettemann.eu\/wp-content\/uploads\/2023\/03\/Dijon-nach-Cluny.jpg?resize=1024%2C576&amp;ssl=1 1024w, https:\/\/i0.wp.com\/huettemann.eu\/wp-content\/uploads\/2023\/03\/Dijon-nach-Cluny.jpg?resize=768%2C432&amp;ssl=1 768w, https:\/\/i0.wp.com\/huettemann.eu\/wp-content\/uploads\/2023\/03\/Dijon-nach-Cluny.jpg?resize=1536%2C865&amp;ssl=1 1536w\" sizes=\"auto, (max-width: 780px) 100vw, 780px\" \/><\/a><\/p>\n<h1>2023: Rh\u00f4ne-Alpes<\/h1>\n<p>Im Herbst 2023 bekam ich noch einmal Lust auf meinen Camino. Von Cluny ging es weiter durch die gr\u00fcnen Berge der Rh\u00f4ne-Alpes bis ins Loire-Tal, in die N\u00e4he von Saint-\u00c9tienne: erstaunliche 4.400 H\u00f6henmeter rauf und runter, kaum Tourismus, daf\u00fcr die f\u00fcr mich bis dahin wohl freundlichste Region Frankreichs.<\/p>\n<p>Zwischen Ruinenpracht in Cluny, einsamen Mischwaldk\u00e4mmen und parkartigen Hochfl\u00e4chen traf ich selten Pilger, aber viele gro\u00dfartige Gastgeber:innen: kommunale G\u00eetes mit EU-WLAN, private Zimmer \u00fcber der Weinlage, Donativo-Herzen und \u2013 als Kontrastprogramm \u2013 die marianischen Schwestern von Mars mit \u00fcppiger Tafel und Komplet.<\/p>\n<p>Unterwegs lagen Zisterzienser-Echos in La B\u00e9nisson-Dieu, Napoleon am Col des \u00c9charmeaux, Orte wie Charlieu und Saint-Haon-le-Ch\u00e2tel sowie die ersten Reben der C\u00f4te Roannaise samt spontaner Weinschule auf der Domaine de la Rochette.<\/p>\n<p>Bei Saint-Haon-le-Ch\u00e2tel feierte ich meinen 2.000-km-Meilenstein. Pilgerstempel holte ich inzwischen h\u00e4ufiger in Mairies, kleinen L\u00e4den und sogar im Carrefour als in Kirchen.<\/p>\n<p>Zum Schluss trug mich der Weg \u00fcber Prioreien auf Vulkanh\u00fcgeln wie Montverdun, durch das Loiretal und stille Landstra\u00dfen nach Saint-Georges-Haute-Ville \u2013 mit einem Abstecher nach Saint-\u00c9tienne. Bilanz: 2.092 km seit Berlin, viel (Wein-)Seligkeit und wenige, aber feine spirituelle Momente.<\/p>\n<p><strong><a href=\"https:\/\/huettemann.eu\/de\/2023\/10\/von-cluny-an-die-loire-berndscamino\/\">\ud83d\udc63 Mein ausf\u00fchrlicher Bericht von Cluny nach Saint-Georges-Haute-Ville<\/a><\/strong><\/p>\n<figure id=\"attachment_5773\" aria-describedby=\"caption-attachment-5773\" style=\"width: 1440px\" class=\"wp-caption alignleft\"><a href=\"https:\/\/i0.wp.com\/huettemann.eu\/wp-content\/uploads\/2024\/02\/wp-17076577268542807681410369738691.jpg?ssl=1\"><img data-recalc-dims=\"1\" loading=\"lazy\" decoding=\"async\" class=\"wp-image-5773 size-full\" src=\"https:\/\/i0.wp.com\/huettemann.eu\/wp-content\/uploads\/2024\/02\/wp-17076577268542807681410369738691.jpg?resize=780%2C780&#038;ssl=1\" alt=\"\" width=\"780\" height=\"780\" srcset=\"https:\/\/i0.wp.com\/huettemann.eu\/wp-content\/uploads\/2024\/02\/wp-17076577268542807681410369738691.jpg?w=1440&amp;ssl=1 1440w, https:\/\/i0.wp.com\/huettemann.eu\/wp-content\/uploads\/2024\/02\/wp-17076577268542807681410369738691.jpg?resize=300%2C300&amp;ssl=1 300w, https:\/\/i0.wp.com\/huettemann.eu\/wp-content\/uploads\/2024\/02\/wp-17076577268542807681410369738691.jpg?resize=1024%2C1024&amp;ssl=1 1024w, https:\/\/i0.wp.com\/huettemann.eu\/wp-content\/uploads\/2024\/02\/wp-17076577268542807681410369738691.jpg?resize=150%2C150&amp;ssl=1 150w, https:\/\/i0.wp.com\/huettemann.eu\/wp-content\/uploads\/2024\/02\/wp-17076577268542807681410369738691.jpg?resize=768%2C768&amp;ssl=1 768w\" sizes=\"auto, (max-width: 780px) 100vw, 780px\" \/><\/a><figcaption id=\"caption-attachment-5773\" class=\"wp-caption-text\">Montverdun<\/figcaption><\/figure>\n<p><a href=\"https:\/\/i0.wp.com\/huettemann.eu\/wp-content\/uploads\/2024\/02\/Camino-Rhone-Alpes.jpg?ssl=1\"><img data-recalc-dims=\"1\" loading=\"lazy\" decoding=\"async\" class=\"alignleft wp-image-5813 size-large\" src=\"https:\/\/i0.wp.com\/huettemann.eu\/wp-content\/uploads\/2024\/02\/Camino-Rhone-Alpes.jpg?resize=780%2C502&#038;ssl=1\" alt=\"\" width=\"780\" height=\"502\" srcset=\"https:\/\/i0.wp.com\/huettemann.eu\/wp-content\/uploads\/2024\/02\/Camino-Rhone-Alpes.jpg?resize=1024%2C659&amp;ssl=1 1024w, https:\/\/i0.wp.com\/huettemann.eu\/wp-content\/uploads\/2024\/02\/Camino-Rhone-Alpes.jpg?resize=300%2C193&amp;ssl=1 300w, https:\/\/i0.wp.com\/huettemann.eu\/wp-content\/uploads\/2024\/02\/Camino-Rhone-Alpes.jpg?resize=768%2C494&amp;ssl=1 768w, https:\/\/i0.wp.com\/huettemann.eu\/wp-content\/uploads\/2024\/02\/Camino-Rhone-Alpes.jpg?resize=1536%2C989&amp;ssl=1 1536w, https:\/\/i0.wp.com\/huettemann.eu\/wp-content\/uploads\/2024\/02\/Camino-Rhone-Alpes.jpg?w=1647&amp;ssl=1 1647w\" sizes=\"auto, (max-width: 780px) 100vw, 780px\" \/><\/a><\/p>\n<h1>2024: Rh\u00f4ne-Alpes\/Okzitanien<\/h1>\n<p>Von Saint-Georges-Haute-Ville in der N\u00e4he von Saint-\u00c9tienne ging es 2024 durch das Zentralmassiv nach Okzitanien \u2013 durch wilde und spirituelle Landschaften.<\/p>\n<p>Auf meinem #berndscamino legte ich weitere rund 300 Kilometer zur\u00fcck und kam auf insgesamt 2.372 Kilometer seit Berlin. Der wenig begangene Chemin des Allemands f\u00fchrte zun\u00e4chst mit viel Improvisation und privater Gastfreundschaft bis nach Le Puy-en-Velay.<\/p>\n<p>Dort markierte die feierlich-theatralische Pilgermesse in der Kathedrale den symbolischen Neubeginn auf der Via Podiensis \u2013 und zum ersten Mal seit Langem war ich nicht mehr allein unterwegs.<\/p>\n<p>\u00dcber die einsamen Plateaus der Margeride und durch die weiten Vulkan- und Weidelandschaften des Aubrac ging es weiter: Highlands-Atmosph\u00e4re, Regenb\u00f6gen, romanische Dorfkirchen und die touristisch ausgeschlachtete Legende der Bestie von G\u00e9vaudan wechselten sich ab.<\/p>\n<p>Besonders pr\u00e4gend waren Begegnungen mit Mitpilger:innen wie Anne-C\u00e9cile und Myriam, Gespr\u00e4che \u00fcber Gott, Politik und das Leben sowie die herzliche Gastfreundschaft einfacher Unterk\u00fcnfte und G\u00eetes.<\/p>\n<p>Nach zw\u00f6lf Tagen erreichte ich Conques \u2013 eine der sch\u00f6nsten Pilgerstationen Frankreichs. Die Abbatiale Sainte-Foy, Messe und gemeinsames Pilgeressen bildeten einen w\u00fcrdigen Abschluss. Kurz vor Allerheiligen war das Dorf fast ausgestorben, die Spiritualit\u00e4t daf\u00fcr umso eindringlicher.<\/p>\n<p><a href=\"https:\/\/huettemann.eu\/de\/2024\/12\/in-fantastisch-bestialischer-natur-pilgern\/\"><strong>\ud83d\udc63 Mein ausf\u00fchrlicher Bericht von Saint-Georges-Haute-Ville nach Conques<\/strong><\/a><\/p>\n<figure id=\"attachment_5943\" aria-describedby=\"caption-attachment-5943\" style=\"width: 2048px\" class=\"wp-caption aligncenter\"><a href=\"https:\/\/i0.wp.com\/huettemann.eu\/wp-content\/uploads\/2024\/12\/signal-2024-12-31-112838.jpeg?ssl=1\"><img data-recalc-dims=\"1\" loading=\"lazy\" decoding=\"async\" class=\"wp-image-5943 size-full\" src=\"https:\/\/i0.wp.com\/huettemann.eu\/wp-content\/uploads\/2024\/12\/signal-2024-12-31-112838.jpeg?resize=780%2C439&#038;ssl=1\" alt=\"\" width=\"780\" height=\"439\" srcset=\"https:\/\/i0.wp.com\/huettemann.eu\/wp-content\/uploads\/2024\/12\/signal-2024-12-31-112838.jpeg?w=2048&amp;ssl=1 2048w, https:\/\/i0.wp.com\/huettemann.eu\/wp-content\/uploads\/2024\/12\/signal-2024-12-31-112838.jpeg?resize=300%2C169&amp;ssl=1 300w, https:\/\/i0.wp.com\/huettemann.eu\/wp-content\/uploads\/2024\/12\/signal-2024-12-31-112838.jpeg?resize=1024%2C577&amp;ssl=1 1024w, https:\/\/i0.wp.com\/huettemann.eu\/wp-content\/uploads\/2024\/12\/signal-2024-12-31-112838.jpeg?resize=768%2C432&amp;ssl=1 768w, https:\/\/i0.wp.com\/huettemann.eu\/wp-content\/uploads\/2024\/12\/signal-2024-12-31-112838.jpeg?resize=1536%2C865&amp;ssl=1 1536w\" sizes=\"auto, (max-width: 780px) 100vw, 780px\" \/><\/a><figcaption id=\"caption-attachment-5943\" class=\"wp-caption-text\">Am Ende des Aubrac<\/figcaption><\/figure>\n<p><a href=\"https:\/\/i0.wp.com\/huettemann.eu\/wp-content\/uploads\/2025\/09\/Saint-Etienne-Conques.png?ssl=1\"><img data-recalc-dims=\"1\" loading=\"lazy\" decoding=\"async\" class=\"aligncenter wp-image-6210 size-full\" src=\"https:\/\/i0.wp.com\/huettemann.eu\/wp-content\/uploads\/2025\/09\/Saint-Etienne-Conques.png?resize=780%2C483&#038;ssl=1\" alt=\"\" width=\"780\" height=\"483\" srcset=\"https:\/\/i0.wp.com\/huettemann.eu\/wp-content\/uploads\/2025\/09\/Saint-Etienne-Conques.png?w=1377&amp;ssl=1 1377w, https:\/\/i0.wp.com\/huettemann.eu\/wp-content\/uploads\/2025\/09\/Saint-Etienne-Conques.png?resize=300%2C186&amp;ssl=1 300w, https:\/\/i0.wp.com\/huettemann.eu\/wp-content\/uploads\/2025\/09\/Saint-Etienne-Conques.png?resize=1024%2C634&amp;ssl=1 1024w, https:\/\/i0.wp.com\/huettemann.eu\/wp-content\/uploads\/2025\/09\/Saint-Etienne-Conques.png?resize=768%2C475&amp;ssl=1 768w\" sizes=\"auto, (max-width: 780px) 100vw, 780px\" \/><\/a><\/p>\n<h1>2025: Okzitanien\/Toulouse<\/h1>\n<p>Von <a href=\"https:\/\/de.wikipedia.org\/wiki\/Conques\">Conques<\/a> ging es 2025 bewusst auf einem Nebenweg nach Toulouse: rund 230 Kilometer abseits der Via Podiensis, mit viel Improvisation, privater Gastfreundschaft und nur einer einzigen Mitpilgerin, Laura.<\/p>\n<p>Conques setzte mit M\u00f6nchsgesang, Pilgersegen und Mittelalterzauber den Ton. Danach wurde es Frankreich jenseits der Postkarte: Kohle- und Kurorte im Wandel wie Cransac, ehrenamtliche Denkmalpflege mit Fledermaus-Begleitung in Peyrusse-le-Roc, Caselles, Bastiden und mittelalterliche Orte wie Villefranche-de-Rouergue und Najac, dann die Kunst- und Weinwelt rund um Cordes-sur-Ciel und Gaillac.<\/p>\n<p>Ich lebte von Mairies, K\u00fcchentischen und Donativo-Zimmern: Kochabende im Garten, Gespr\u00e4che \u00fcber Okzitanien, Politik und Europa \u2013 ein Camino der Menschen.<\/p>\n<p>Vor Rabastens \u00f6ffnete sich die Geschichte bis in die Gegenwart; kurz vor Toulouse stand ich an einem R\u00e9sistance-Mahnmal im Wald von Reulle. Die Ann\u00e4herung an die M\u00e9tropole war st\u00e4dtisch, verwinkelt und gelegentlich von Dornengestr\u00fcpp und Komoot-Irrwegen gebremst \u2013 und endete doch gro\u00df: Einzug in die Ziegelstadt, Saint-Sernin, Pilgerstempel am Jakobustag und Coquilles Saint-Jacques zum Finale.<\/p>\n<p><strong>2.611 km seit Berlin.<\/strong> Ein Nebenweg voller Kern: mittelalterliche St\u00e4dte, stille T\u00e4ler, gelebte Gastfreundschaft \u2013 und das Gef\u00fchl, dass Paris weit weg sein darf, wenn Toulouse ganz nah ist.<\/p>\n<p><strong><a href=\"https:\/\/huettemann.eu\/de\/2025\/08\/nebenwege-von-conques-nach-toulouse\/\">\ud83d\udc63 Mein ausf\u00fchrlicher Bericht von Conques nach Toulouse<\/a><\/strong><\/p>\n<p><strong>Meine \u00fcbergreifende Zwischenbilanz Berlin\u2013Toulouse:<\/strong><\/p>\n<ul>\n<li>\ud83c\udde9\ud83c\uddea <a href=\"https:\/\/dokdoc.eu\/2025\/09\/12\/mein-camino-von-berlin-nach-santiago\/\">Ausgrabungen: Mein Camino von Berlin nach Santiago \u2013 dokdoc.eu<\/a><\/li>\n<li>\ud83c\uddeb\ud83c\uddf7 <a href=\"https:\/\/dokdoc.eu\/fr\/2025\/09\/12\/mon-camino-de-berlin-a-saint-jacques\/\">Fouilles : Mon Camino, de Berlin \u00e0 Saint-Jacques \u2013 dokdoc.eu<\/a><\/li>\n<\/ul>\n<p><a href=\"https:\/\/i0.wp.com\/huettemann.eu\/wp-content\/uploads\/2025\/08\/wp-17543181249197025142881556707421.jpg?ssl=1\"><img data-recalc-dims=\"1\" loading=\"lazy\" decoding=\"async\" class=\"aligncenter wp-image-6101 size-full\" src=\"https:\/\/i0.wp.com\/huettemann.eu\/wp-content\/uploads\/2025\/08\/wp-17543181249197025142881556707421.jpg?resize=780%2C439&#038;ssl=1\" alt=\"\" width=\"780\" height=\"439\" srcset=\"https:\/\/i0.wp.com\/huettemann.eu\/wp-content\/uploads\/2025\/08\/wp-17543181249197025142881556707421.jpg?w=1920&amp;ssl=1 1920w, https:\/\/i0.wp.com\/huettemann.eu\/wp-content\/uploads\/2025\/08\/wp-17543181249197025142881556707421.jpg?resize=300%2C169&amp;ssl=1 300w, https:\/\/i0.wp.com\/huettemann.eu\/wp-content\/uploads\/2025\/08\/wp-17543181249197025142881556707421.jpg?resize=1024%2C576&amp;ssl=1 1024w, https:\/\/i0.wp.com\/huettemann.eu\/wp-content\/uploads\/2025\/08\/wp-17543181249197025142881556707421.jpg?resize=768%2C432&amp;ssl=1 768w, https:\/\/i0.wp.com\/huettemann.eu\/wp-content\/uploads\/2025\/08\/wp-17543181249197025142881556707421.jpg?resize=1536%2C864&amp;ssl=1 1536w\" sizes=\"auto, (max-width: 780px) 100vw, 780px\" \/><\/a><\/p>\n<p><a href=\"https:\/\/i0.wp.com\/huettemann.eu\/wp-content\/uploads\/2025\/09\/Conques-Toulouse.png?ssl=1\"><img data-recalc-dims=\"1\" loading=\"lazy\" decoding=\"async\" class=\"aligncenter wp-image-6182 size-full\" src=\"https:\/\/i0.wp.com\/huettemann.eu\/wp-content\/uploads\/2025\/09\/Conques-Toulouse.png?resize=780%2C388&#038;ssl=1\" alt=\"\" width=\"780\" height=\"388\" srcset=\"https:\/\/i0.wp.com\/huettemann.eu\/wp-content\/uploads\/2025\/09\/Conques-Toulouse.png?w=1581&amp;ssl=1 1581w, https:\/\/i0.wp.com\/huettemann.eu\/wp-content\/uploads\/2025\/09\/Conques-Toulouse.png?resize=300%2C149&amp;ssl=1 300w, https:\/\/i0.wp.com\/huettemann.eu\/wp-content\/uploads\/2025\/09\/Conques-Toulouse.png?resize=1024%2C510&amp;ssl=1 1024w, https:\/\/i0.wp.com\/huettemann.eu\/wp-content\/uploads\/2025\/09\/Conques-Toulouse.png?resize=768%2C382&amp;ssl=1 768w, https:\/\/i0.wp.com\/huettemann.eu\/wp-content\/uploads\/2025\/09\/Conques-Toulouse.png?resize=1536%2C765&amp;ssl=1 1536w\" sizes=\"auto, (max-width: 780px) 100vw, 780px\" \/><\/a><\/p>\n<h1>2026: Toulouse \u2013 Lourdes<\/h1>\n<p>2026 geht es weiter: von <strong>Toulouse nach Lourdes<\/strong>. Die kommende Etappe f\u00fchrt mich weiter durch Okzitanien in Richtung Pyren\u00e4en \u2013 und damit wieder ein St\u00fcck n\u00e4her an die spanische Grenze und an Santiago de Compostela.<\/p>\n<p>Nach dem stillen Nebenweg von Conques nach Toulouse beginnt damit eine neue landschaftliche und religi\u00f6se Schicht meines #berndscamino. Lourdes ist dabei nicht das Ende, sondern die n\u00e4chste markante Station meiner europ\u00e4ischen Probegrabung.<\/p>\n<p><a href=\"https:\/\/www.komoot.com\/de-de\/collection\/4276996\/-occitanie-pyrenees-2026-berndscamino-toulouse-lourdes?share_token=aFA0CrhttkSvK70iybf8uRQWIxT3hgt6uoK25CZE3H09NSn9Up&amp;ref=collection&amp;t_s=referral&amp;t_cid=collection_share&amp;t_ref_username=101581482414\"><strong>\ud83d\udc63 Meine geplante Etappe Toulouse \u2013 Lourdes 2026 bei Komoot<\/strong><\/a><\/p>\n<h1><strong>Meine weiteren Schritte<\/strong><\/h1>\n<p><strong><em><a href=\"https:\/\/www.komoot.de\/user\/101581482414\/tours?sport=all&amp;type=planned&amp;order=date&amp;descending=true\">Planung bei Komoot<\/a>:<\/em><\/strong><\/p>\n<ul>\n<li><strong>Aquitanien<\/strong><\/li>\n<li><strong>Navarra<\/strong><\/li>\n<li><strong>La Rioja<\/strong><\/li>\n<li><strong>Kastilien und Le\u00f3n<\/strong><\/li>\n<li><strong>Galicien<\/strong><\/li>\n<li><strong>Santiago de Compostela<\/strong><\/li>\n<\/ul>\n<h1><strong>Mehr \u00dcberblick<\/strong><\/h1>\n<ul>\n<li><a href=\"https:\/\/huettemann.eu\/de\/jakobsweg\/dankbarkeit-am-wege\/\"><strong><em>Meine \u201eHall of Fame\u201c der Unterst\u00fctzer:innen auf meinem Weg<\/em><\/strong><\/a><\/li>\n<li><a href=\"https:\/\/huettemann.eu\/de\/category\/jakobsweg\/\"><strong><em>Alle meine Berichte auf dem Weg von Berlin nach Santiago<\/em><\/strong><\/a><\/li>\n<li><a href=\"https:\/\/huettemann.eu\/de\/jakobsweg\/meine-pilgerstempel-von-berlin-bis-santiago\/\"><strong><em>Meine Pilgerstempel<\/em><\/strong><\/a><\/li>\n<li><a href=\"https:\/\/www.komoot.de\/collection\/942625\/-richtung-finiseuropae-mein-jakobsweg-von-berlin-nach-kloster-jerichow-altmark-2016-17?ref=wcl\"><strong><em>Meine Schritte mit Karten und Fotos bei Komoot<\/em><\/strong><\/a><\/li>\n<li>\ud83c\udde9\ud83c\uddea <a href=\"https:\/\/dokdoc.eu\/2025\/09\/12\/mein-camino-von-berlin-nach-santiago\/\"><strong><em>Meine europ\u00e4ische Probegrabung bei dokdoc.eu \u2013 deutsch<\/em><\/strong><\/a><\/li>\n<li>\ud83c\uddeb\ud83c\uddf7 <a href=\"https:\/\/dokdoc.eu\/fr\/2025\/09\/12\/mon-camino-de-berlin-a-saint-jacques\/\"><strong><em>Meine europ\u00e4ische Probegrabung bei dokdoc.eu \u2013 franz\u00f6sisch<\/em><\/strong><\/a><\/li>\n<\/ul>\n","protected":false},"excerpt":{"rendered":"<p>Zu Fu\u00df von Berlin nach Santiago de Compostela? Das geht nur gemogelt. Und so begann ich 2016 \u2013 mit vielen Unterbrechungen \u2013 meinen langen Weg nach Westen. F\u00fcr mich ist er inzwischen eine rund 3.700 Kilometer lange horizontale Probegrabung quer durch Europa. Historische und heutige Pilgerwege sind dabei \u201enur\u201c der Anker f\u00fcr meinen Selbstversuch, Kultur-<a class=\"more-link\" href=\"https:\/\/huettemann.eu\/de\/jakobsweg\/\">Read more<\/a><\/p>\n","protected":false},"author":2,"featured_media":0,"parent":0,"menu_order":0,"comment_status":"closed","ping_status":"closed","template":"","meta":{"footnotes":""},"class_list":["post-1516","page","type-page","status-publish","hentry"],"yoast_head":"<!-- This site is optimized with the Yoast SEO plugin v28.3 - https:\/\/yoast.com\/product\/yoast-seo-wordpress\/ -->\n<title>Mein ganz pers\u00f6nlicher Jakobsweg: #berndscamino - Bernd H\u00fcttemann<\/title>\n<meta name=\"robots\" content=\"index, follow, max-snippet:-1, max-image-preview:large, max-video-preview:-1\" \/>\n<link rel=\"canonical\" href=\"https:\/\/huettemann.eu\/de\/jakobsweg\/\" \/>\n<meta property=\"og:locale\" content=\"de_DE\" \/>\n<meta property=\"og:type\" content=\"article\" \/>\n<meta property=\"og:title\" content=\"Mein ganz pers\u00f6nlicher Jakobsweg: #berndscamino - Bernd H\u00fcttemann\" \/>\n<meta property=\"og:description\" content=\"Zu Fu\u00df von Berlin nach Santiago de Compostela? Das geht nur gemogelt. Und so begann ich 2016 \u2013 mit vielen Unterbrechungen \u2013 meinen langen Weg nach Westen. F\u00fcr mich ist er inzwischen eine rund 3.700 Kilometer lange horizontale Probegrabung quer durch Europa. Historische und heutige Pilgerwege sind dabei \u201enur\u201c der Anker f\u00fcr meinen Selbstversuch, Kultur-Read more\" \/>\n<meta property=\"og:url\" content=\"https:\/\/huettemann.eu\/de\/jakobsweg\/\" \/>\n<meta property=\"og:site_name\" content=\"Bernd H\u00fcttemann\" \/>\n<meta property=\"article:modified_time\" content=\"2026-08-22T19:34:35+00:00\" \/>\n<meta property=\"og:image\" content=\"https:\/\/huettemann.eu\/wp-content\/uploads\/2020\/05\/Pilger-Bernd-vor-Dom-2.jpeg\" \/>\n<meta name=\"twitter:card\" content=\"summary_large_image\" \/>\n<meta name=\"twitter:label1\" content=\"Gesch\u00e4tzte Lesezeit\" \/>\n\t<meta name=\"twitter:data1\" content=\"21\u00a0Minuten\" \/>\n<script type=\"application\/ld+json\" class=\"yoast-schema-graph\">{\"@context\":\"https:\\\/\\\/schema.org\",\"@graph\":[{\"@type\":\"WebPage\",\"@id\":\"https:\\\/\\\/huettemann.eu\\\/de\\\/jakobsweg\\\/\",\"url\":\"https:\\\/\\\/huettemann.eu\\\/de\\\/jakobsweg\\\/\",\"name\":\"Mein ganz pers\u00f6nlicher Jakobsweg: #berndscamino - Bernd H\u00fcttemann\",\"isPartOf\":{\"@id\":\"https:\\\/\\\/huettemann.eu\\\/de\\\/#website\"},\"primaryImageOfPage\":{\"@id\":\"https:\\\/\\\/huettemann.eu\\\/de\\\/jakobsweg\\\/#primaryimage\"},\"image\":{\"@id\":\"https:\\\/\\\/huettemann.eu\\\/de\\\/jakobsweg\\\/#primaryimage\"},\"thumbnailUrl\":\"https:\\\/\\\/huettemann.eu\\\/wp-content\\\/uploads\\\/2020\\\/05\\\/Pilger-Bernd-vor-Dom-2.jpeg\",\"datePublished\":\"2017-04-06T21:38:45+00:00\",\"dateModified\":\"2026-08-22T19:34:35+00:00\",\"breadcrumb\":{\"@id\":\"https:\\\/\\\/huettemann.eu\\\/de\\\/jakobsweg\\\/#breadcrumb\"},\"inLanguage\":\"de\",\"potentialAction\":[{\"@type\":\"ReadAction\",\"target\":[\"https:\\\/\\\/huettemann.eu\\\/de\\\/jakobsweg\\\/\"]}]},{\"@type\":\"ImageObject\",\"inLanguage\":\"de\",\"@id\":\"https:\\\/\\\/huettemann.eu\\\/de\\\/jakobsweg\\\/#primaryimage\",\"url\":\"https:\\\/\\\/huettemann.eu\\\/wp-content\\\/uploads\\\/2020\\\/05\\\/Pilger-Bernd-vor-Dom-2.jpeg\",\"contentUrl\":\"https:\\\/\\\/huettemann.eu\\\/wp-content\\\/uploads\\\/2020\\\/05\\\/Pilger-Bernd-vor-Dom-2.jpeg\"},{\"@type\":\"BreadcrumbList\",\"@id\":\"https:\\\/\\\/huettemann.eu\\\/de\\\/jakobsweg\\\/#breadcrumb\",\"itemListElement\":[{\"@type\":\"ListItem\",\"position\":1,\"name\":\"Startseite\",\"item\":\"https:\\\/\\\/huettemann.eu\\\/de\\\/\"},{\"@type\":\"ListItem\",\"position\":2,\"name\":\"Mein ganz pers\u00f6nlicher Jakobsweg: #berndscamino\"}]},{\"@type\":\"WebSite\",\"@id\":\"https:\\\/\\\/huettemann.eu\\\/de\\\/#website\",\"url\":\"https:\\\/\\\/huettemann.eu\\\/de\\\/\",\"name\":\"Bernd H\u00fcttemann\",\"description\":\"walking &amp; working 4 Europe \ud83c\uddea\ud83c\uddfa kleine &amp; gro\u00dfe Wege in Europa\",\"potentialAction\":[{\"@type\":\"SearchAction\",\"target\":{\"@type\":\"EntryPoint\",\"urlTemplate\":\"https:\\\/\\\/huettemann.eu\\\/de\\\/?s={search_term_string}\"},\"query-input\":{\"@type\":\"PropertyValueSpecification\",\"valueRequired\":true,\"valueName\":\"search_term_string\"}}],\"inLanguage\":\"de\"}]}<\/script>\n<!-- \/ Yoast SEO plugin. -->","yoast_head_json":{"title":"Mein ganz pers\u00f6nlicher Jakobsweg: #berndscamino - Bernd H\u00fcttemann","robots":{"index":"index","follow":"follow","max-snippet":"max-snippet:-1","max-image-preview":"max-image-preview:large","max-video-preview":"max-video-preview:-1"},"canonical":"https:\/\/huettemann.eu\/de\/jakobsweg\/","og_locale":"de_DE","og_type":"article","og_title":"Mein ganz pers\u00f6nlicher Jakobsweg: #berndscamino - Bernd H\u00fcttemann","og_description":"Zu Fu\u00df von Berlin nach Santiago de Compostela? Das geht nur gemogelt. Und so begann ich 2016 \u2013 mit vielen Unterbrechungen \u2013 meinen langen Weg nach Westen. F\u00fcr mich ist er inzwischen eine rund 3.700 Kilometer lange horizontale Probegrabung quer durch Europa. Historische und heutige Pilgerwege sind dabei \u201enur\u201c der Anker f\u00fcr meinen Selbstversuch, Kultur-Read more","og_url":"https:\/\/huettemann.eu\/de\/jakobsweg\/","og_site_name":"Bernd H\u00fcttemann","article_modified_time":"2026-08-22T19:34:35+00:00","og_image":[{"url":"https:\/\/huettemann.eu\/wp-content\/uploads\/2020\/05\/Pilger-Bernd-vor-Dom-2.jpeg","type":"","width":"","height":""}],"twitter_card":"summary_large_image","twitter_misc":{"Gesch\u00e4tzte Lesezeit":"21\u00a0Minuten"},"schema":{"@context":"https:\/\/schema.org","@graph":[{"@type":"WebPage","@id":"https:\/\/huettemann.eu\/de\/jakobsweg\/","url":"https:\/\/huettemann.eu\/de\/jakobsweg\/","name":"Mein ganz pers\u00f6nlicher Jakobsweg: #berndscamino - Bernd H\u00fcttemann","isPartOf":{"@id":"https:\/\/huettemann.eu\/de\/#website"},"primaryImageOfPage":{"@id":"https:\/\/huettemann.eu\/de\/jakobsweg\/#primaryimage"},"image":{"@id":"https:\/\/huettemann.eu\/de\/jakobsweg\/#primaryimage"},"thumbnailUrl":"https:\/\/huettemann.eu\/wp-content\/uploads\/2020\/05\/Pilger-Bernd-vor-Dom-2.jpeg","datePublished":"2017-04-06T21:38:45+00:00","dateModified":"2026-08-22T19:34:35+00:00","breadcrumb":{"@id":"https:\/\/huettemann.eu\/de\/jakobsweg\/#breadcrumb"},"inLanguage":"de","potentialAction":[{"@type":"ReadAction","target":["https:\/\/huettemann.eu\/de\/jakobsweg\/"]}]},{"@type":"ImageObject","inLanguage":"de","@id":"https:\/\/huettemann.eu\/de\/jakobsweg\/#primaryimage","url":"https:\/\/huettemann.eu\/wp-content\/uploads\/2020\/05\/Pilger-Bernd-vor-Dom-2.jpeg","contentUrl":"https:\/\/huettemann.eu\/wp-content\/uploads\/2020\/05\/Pilger-Bernd-vor-Dom-2.jpeg"},{"@type":"BreadcrumbList","@id":"https:\/\/huettemann.eu\/de\/jakobsweg\/#breadcrumb","itemListElement":[{"@type":"ListItem","position":1,"name":"Startseite","item":"https:\/\/huettemann.eu\/de\/"},{"@type":"ListItem","position":2,"name":"Mein ganz pers\u00f6nlicher Jakobsweg: #berndscamino"}]},{"@type":"WebSite","@id":"https:\/\/huettemann.eu\/de\/#website","url":"https:\/\/huettemann.eu\/de\/","name":"Bernd H\u00fcttemann","description":"walking &amp; working 4 Europe \ud83c\uddea\ud83c\uddfa kleine &amp; gro\u00dfe Wege in Europa","potentialAction":[{"@type":"SearchAction","target":{"@type":"EntryPoint","urlTemplate":"https:\/\/huettemann.eu\/de\/?s={search_term_string}"},"query-input":{"@type":"PropertyValueSpecification","valueRequired":true,"valueName":"search_term_string"}}],"inLanguage":"de"}]}},"jetpack-related-posts":[],"jetpack_sharing_enabled":true,"_links":{"self":[{"href":"https:\/\/huettemann.eu\/de\/wp-json\/wp\/v2\/pages\/1516","targetHints":{"allow":["GET"]}}],"collection":[{"href":"https:\/\/huettemann.eu\/de\/wp-json\/wp\/v2\/pages"}],"about":[{"href":"https:\/\/huettemann.eu\/de\/wp-json\/wp\/v2\/types\/page"}],"author":[{"embeddable":true,"href":"https:\/\/huettemann.eu\/de\/wp-json\/wp\/v2\/users\/2"}],"replies":[{"embeddable":true,"href":"https:\/\/huettemann.eu\/de\/wp-json\/wp\/v2\/comments?post=1516"}],"version-history":[{"count":110,"href":"https:\/\/huettemann.eu\/de\/wp-json\/wp\/v2\/pages\/1516\/revisions"}],"predecessor-version":[{"id":6311,"href":"https:\/\/huettemann.eu\/de\/wp-json\/wp\/v2\/pages\/1516\/revisions\/6311"}],"wp:attachment":[{"href":"https:\/\/huettemann.eu\/de\/wp-json\/wp\/v2\/media?parent=1516"}],"curies":[{"name":"wp","href":"https:\/\/api.w.org\/{rel}","templated":true}]}}